{"id":227,"date":"2012-02-28T09:24:31","date_gmt":"2012-02-28T14:24:31","guid":{"rendered":"http:\/\/aimta922ca.wordpress.com\/?page_id=227"},"modified":"2021-04-26T10:17:10","modified_gmt":"2021-04-26T14:17:10","slug":"un-syndicat-cest-suite","status":"publish","type":"page","link":"http:\/\/aimta922.ca\/?page_id=227","title":{"rendered":"Pourquoi se syndiquer la suite"},"content":{"rendered":"<table>\n<tbody>\n<tr>\n<td>\n<div id=\"General_Content\">\n<div id=\"General_Content\">\n<h1><span style=\"color: #930e00;\">Le travail des syndicats, \u00e7a rapporte \u00e0 toute la soci\u00e9t\u00e9 !<\/span><\/h1>\n<p><span style=\"font-size: medium;\"><strong>Saviez-vous que&#8230;<\/strong><br \/>\nLes syndicats sont \u00e0 l&rsquo;origine de nombreuses protections sociales : <\/span><\/p>\n<ul>\n<li><span style=\"font-size: medium;\">l&rsquo;assurance-emploi<\/span><\/li>\n<li><span style=\"font-size: medium;\">le salaire minimum<\/span><\/li>\n<li><span style=\"font-size: medium;\">l&rsquo;assurance-maladie<\/span><\/li>\n<li><span style=\"font-size: medium;\">l&rsquo;acc\u00e8s universel \u00e0 la sant\u00e9 et \u00e0 l&rsquo;\u00e9ducation<\/span><\/li>\n<li><span style=\"font-size: medium;\">les pensions<\/span><\/li>\n<li><span style=\"font-size: medium;\">la sant\u00e9 et la s\u00e9curit\u00e9 du travail<\/span><\/li>\n<li><span style=\"font-size: medium;\">l&rsquo;\u00e9quit\u00e9 salariale<\/span><\/li>\n<li><span style=\"font-size: medium;\">la semaine de travail r\u00e9duite<\/span><\/li>\n<\/ul>\n<p><span style=\"font-size: medium;\">Ils sont \u00e9galement au c\u0153ur des luttes pour l&rsquo;am\u00e9lioration de la situation des femmes, des jeunes et des minorit\u00e9s. En fait, les gains obtenus par les syndicats profitent \u00e0 tout le monde, pas seulement aux membres.<\/span><\/p>\n<\/div>\n<h1><span style=\"color: #930e00;\">Un syndicat, c&rsquo;est d\u00e9mocratique<\/span><\/h1>\n<p><span style=\"font-size: medium;\">Un syndicat, c&rsquo;est une organisation d\u00e9mocratique. Quand on est syndiqu\u00e9, on paie une cotisation qui nous donne droit \u00e0 des services et on a son mot \u00e0 dire! Tous les membres sont convoqu\u00e9s \u00e0 des assembl\u00e9es pour \u00e9lire leurs dirigeants et dirigeantes, pr\u00e9parer leurs demandes en vue de la n\u00e9gociation et, bien s\u00fbr, d\u00e9cider d&rsquo;accepter ou non les offres de l&#8217;employeur. C&rsquo;est ainsi qu&rsquo;on se donne une convention collective.<br \/>\nDans un syndicat, on peut aussi s&rsquo;impliquer au sein du comit\u00e9 de condition f\u00e9minine, de sant\u00e9-s\u00e9curit\u00e9, de n\u00e9gociation, de francisation, de retraite ou de tout autre comit\u00e9 mis sur pied pour r\u00e9pondre aux besoins des membres. <\/span><\/p>\n<h1><span style=\"color: #930e00;\">Vous avez des droits<\/span><\/h1>\n<p><span style=\"color: #930e00;\"><strong>Se syndiquer, c&rsquo;est un droit reconnu et prot\u00e9g\u00e9 par la loi<\/strong> <\/span><br \/>\n<span style=\"font-size: medium;\">L\u2019article 3 du Code du travail pr\u00e9voit le droit \u00ab d\u2019appartenir \u00e0 une association de salari\u00e9s de son choix et de participer \u00e0 la formation de cette association, \u00e0 ses activit\u00e9s et \u00e0 son administration \u00bb.<br \/>\nL\u2019article 12 pr\u00e9voit qu\u2019aucun employeur ni aucune personne agissant pour un employeur ou une association d\u2019employeurs ne cherchera d\u2019aucune mani\u00e8re \u00e0 dominer, entraver ou financer la formation ou les activit\u00e9s d\u2019une association de salari\u00e9s ni \u00e0 y participer.<br \/>\nLes articles 13 et 14 interdisent toute forme d\u2019intimidation, de menace ou de repr\u00e9sailles contre un salari\u00e9 qui d\u00e9cide d\u2019exercer son droit de se syndiquer.<br \/>\nL\u2019article 15 pr\u00e9voit la r\u00e9int\u00e9gration au travail d\u2019un salari\u00e9 cong\u00e9di\u00e9 pour avoir exerc\u00e9 son droit d\u2019adh\u00e9rer \u00e0 un syndicat.<br \/>\nL\u2019article 36 stipule que l\u2019adh\u00e9sion \u00e0 un syndicat reste confidentielle.<br \/>\nL\u2019article 45 prot\u00e8ge le processus d\u2019accr\u00e9ditation syndicale en cas de vente de l\u2019entreprise ou de sous-traitance.<br \/>\nL\u2019article 59 pr\u00e9voit que l\u2019employeur ne peut modifier \u00e0 son gr\u00e9 les conditions de travail \u00e0 partir du moment o\u00f9 un groupe a demand\u00e9 \u00e0 \u00eatre reconnu comme syndicat. <\/span><\/p>\n<h1><span style=\"color: #930e00;\">Toute une diff\u00e9rence pour les femmes !<\/span><\/h1>\n<p><span style=\"font-size: medium;\">La FTQ regroupe plus de 160 000 femmes travaillant dans l&rsquo;ensemble des secteurs que nous repr\u00e9sentons. Les femmes participent aux grands d\u00e9bats et militent pour faire avancer les conditions de vie et de travail de toutes les Qu\u00e9b\u00e9coises :<br \/>\n<\/span><\/p>\n<ul>\n<li><span style=\"font-size: medium;\">Hausse du salaire minimum Am\u00e9lioration des conditions du travail \u00e0 temps partiel<\/span><\/li>\n<li><span style=\"font-size: medium;\">N\u00e9gociation d&rsquo;horaires de travail plus flexibles<\/span><\/li>\n<li><span style=\"font-size: medium;\">Loi sur l&rsquo;\u00e9quit\u00e9 salariale <\/span><\/li>\n<li><span style=\"font-size: medium;\">Politique familiale<\/span><\/li>\n<li><span style=\"font-size: medium;\">Acc\u00e8s aux emplois occup\u00e9s traditionnellement par les hommes<\/span><\/li>\n<li><span style=\"font-size: medium;\">Marche mondiale des femmes<\/span><\/li>\n<\/ul>\n<p><span style=\"font-size: medium;\">Les travailleuses syndiqu\u00e9es gagnent en moyenne 35 % de plus que les non syndiqu\u00e9es. (Statistique Canada, Revue chronologique de la population active 2005, CDROM.)<br \/>\nLe salaire horaire moyen des travailleuses syndiqu\u00e9es \u00e0 temps plein \u00e9tait de 20,20 $, contre 15,01 $ pour les non syndiqu\u00e9es. (Statistique Canada, Revue chronologique de la population active 2005, CDROM.) <\/span><\/p>\n<h1><span style=\"color: #930e00;\">Le Fonds de solidarit\u00e9 : un outil majeur pour l\u2019emploi<\/span><img src=\"Un%20syndicat%20c'est%20suite_fichiers\/image_dimensions(3).jpg\" alt=\"\" \/><\/h1>\n<p><span style=\"font-size: medium;\">La FTQ, avec laquelle notre syndicat est affili\u00e9, travaille concr\u00e8tement \u00e0 la protection et au d\u00e9veloppement de bons emplois. Pour ce faire, elle peut compter sur un alli\u00e9 de taille. Gr\u00e2ce \u00e0 son Fonds de solidarit\u00e9, qui compte aujourd\u2019hui plus de 570 000 (travailleurs) actionnaires et dont l\u2019actif net s\u2019\u00e9l\u00e8ve \u00e0 7,2 milliards de dollars, la FTQ contribue \u00e0 la cr\u00e9ation, au maintien et au soutien de plus de 122 000 emplois dans pr\u00e8s de 2 000 entreprises au Qu\u00e9bec. Des exemples : Entourage, Dominion Bridge, l\u2019industrie mini\u00e8re, l\u2019industrie du camionnage, Transat, le Manoir Richelieu, la Mutuelle d\u2019assurances SSQ, les librairies Renaud-Bray.<br \/>\nPour sauver des emplois ou d\u00e9velopper les entreprises de nos r\u00e9gions, le Fonds de solidarit\u00e9 de la FTQ\u00a0est un outil extraordinaire qui nous permet\u00a0de compl\u00e9ter nos actions syndicales. Le Syndicat des Machinistes AIMTA\u00a0est fier de collaborer \u00e0 sa r\u00e9ussite.<br \/>\nJoindre les rangs de l&rsquo;AIMTA, c\u2019est devenir membre d\u2019une organisation puissante et influente qui oeuvre \u00e0 l\u2019am\u00e9lioration des conditions de vie et de travail de l\u2019ensemble des Qu\u00e9b\u00e9coises et des Qu\u00e9b\u00e9cois, dans toutes les r\u00e9gions du Qu\u00e9bec.<\/span><\/p>\n<\/div>\n<\/td>\n<\/tr>\n<\/tbody>\n<\/table>\n","protected":false},"excerpt":{"rendered":"<p>Le travail des syndicats, \u00e7a rapporte \u00e0 toute la soci\u00e9t\u00e9 ! Saviez-vous que&#8230; Les syndicats sont \u00e0 l&rsquo;origine de nombreuses protections sociales : l&rsquo;assurance-emploi le salaire minimum l&rsquo;assurance-maladie l&rsquo;acc\u00e8s universel \u00e0 la sant\u00e9 et \u00e0 l&rsquo;\u00e9ducation les pensions la sant\u00e9 et la s\u00e9curit\u00e9 du travail l&rsquo;\u00e9quit\u00e9 salariale la semaine de travail r\u00e9duite Ils sont \u00e9galement &hellip; <\/p>\n<p><a class=\"more-link btn\" href=\"http:\/\/aimta922.ca\/?page_id=227\">Continue reading<\/a><\/p>\n","protected":false},"author":2,"featured_media":0,"parent":187,"menu_order":1,"comment_status":"closed","ping_status":"closed","template":"","meta":[],"_links":{"self":[{"href":"http:\/\/aimta922.ca\/index.php?rest_route=\/wp\/v2\/pages\/227"}],"collection":[{"href":"http:\/\/aimta922.ca\/index.php?rest_route=\/wp\/v2\/pages"}],"about":[{"href":"http:\/\/aimta922.ca\/index.php?rest_route=\/wp\/v2\/types\/page"}],"author":[{"embeddable":true,"href":"http:\/\/aimta922.ca\/index.php?rest_route=\/wp\/v2\/users\/2"}],"replies":[{"embeddable":true,"href":"http:\/\/aimta922.ca\/index.php?rest_route=%2Fwp%2Fv2%2Fcomments&post=227"}],"version-history":[{"count":2,"href":"http:\/\/aimta922.ca\/index.php?rest_route=\/wp\/v2\/pages\/227\/revisions"}],"predecessor-version":[{"id":3237,"href":"http:\/\/aimta922.ca\/index.php?rest_route=\/wp\/v2\/pages\/227\/revisions\/3237"}],"up":[{"embeddable":true,"href":"http:\/\/aimta922.ca\/index.php?rest_route=\/wp\/v2\/pages\/187"}],"wp:attachment":[{"href":"http:\/\/aimta922.ca\/index.php?rest_route=%2Fwp%2Fv2%2Fmedia&parent=227"}],"curies":[{"name":"wp","href":"https:\/\/api.w.org\/{rel}","templated":true}]}}