{"id":41,"date":"2012-02-20T14:59:41","date_gmt":"2012-02-20T19:59:41","guid":{"rendered":"http:\/\/aimta922ca.wordpress.com\/?page_id=41"},"modified":"2020-05-13T14:09:52","modified_gmt":"2020-05-13T18:09:52","slug":"historique","status":"publish","type":"page","link":"http:\/\/aimta922.ca\/?page_id=41","title":{"rendered":"Historique"},"content":{"rendered":"<h1 style=\"text-align:center;\"><strong><span style=\"color:#003366;\">La petite histoire d&rsquo;un grand syndicat&#8230;<\/span><\/strong><\/h1>\n<p style=\"text-align:center;\"><a href=\"https:\/\/aimta922ca.files.wordpress.com\/2012\/02\/aimta1.jpg\"><img loading=\"lazy\" class=\"alignnone  wp-image-70\" src=\"https:\/\/aimta922ca.files.wordpress.com\/2012\/02\/aimta1.jpg\" alt=\"aimta1.jpg\" width=\"374\" height=\"190\" \/><\/a><\/p>\n<h2 align=\"center\"><\/h2>\n<p style=\"text-align:justify;\" align=\"left\">D&rsquo;hier<span style=\"font-size:medium;\"> \u00e0 aujourd&rsquo;hui, le Syndicat des Machinistes marque l&rsquo;histoire des travailleurs et travailleuses et<\/span> <span style=\"font-size:medium;\">participe<\/span> <span style=\"font-size:medium;\">\u00e0<\/span><span style=\"font-size:medium;\"> l&rsquo;acquisition d&rsquo;importantes valeurs sociales d\u00e9mocrates pour l&rsquo;ensemble de la soci\u00e9t\u00e9. L&rsquo; AIMTA se <\/span><span style=\"font-size:medium;\">d\u00e9marque par sa<\/span><span style=\"font-size:medium;\"> constitution et ses statuts ancr\u00e9s sur des valeurs profondes de justice \u00e9quit\u00e9 et solidarit\u00e9.<\/span><\/p>\n<p style=\"text-align:justify;\"><span style=\"font-size:medium;\">Les membres des sections locales et les comit\u00e9s ex\u00e9cutifs jouissent d&rsquo;une totale libert\u00e9 quand \u00e0 la gestion des biens et <\/span><span style=\"font-size:medium;\">l&rsquo;administration en conformit\u00e9 avec leurs r\u00e8glements locaux. Les membres sont &laquo; la seule voix d\u00e9cisionnelle &raquo; et\u00a0 chaque<\/span><span style=\"font-size:medium;\"> proposition est vot\u00e9e et ent\u00e9rin\u00e9e par un vote majoritaire de l&rsquo;assembl\u00e9e g\u00e9n\u00e9rale de la section locale. Le congr\u00e8s international est convoqu\u00e9 \u00e0 tous les quatres ans afin de d\u00e9finir les grandes lignes d&rsquo;actions, et de modifier les statuts. L&rsquo;\u00e9lection du conseil d&rsquo;administration fait aussi partie de cette assembl\u00e9e.<\/span><\/p>\n<p style=\"text-align:justify;\" align=\"left\">Les membres du Syndicat des Machinistes sont fiers de leur appartenance et s&rsquo;autoproclament &laquo; Fiers Machinistes &raquo;. Ce sont de grands combattants pour la pr\u00e9servation des droits du travail et des valeurs sociales d\u00e9mocrates. Notre petite histoire est en soit tr\u00e8s simple et modeste cependant elle \u00e9voque le d\u00e9sir d&rsquo;un peuple de choisir la libert\u00e9, la justice et l&rsquo;autonomie. Elle nous projette <span style=\"font-size:medium;\">dans un avenir rempli de possibilit\u00e9 pour les g\u00e9n\u00e9rations \u00e0 venir et nous incite \u00e0 toujours veiller pour prot\u00e9ger nos acquis.<\/span><\/p>\n<h1 style=\"text-align:center;\" align=\"left\"><span style=\"font-size:medium;\">\u00a0 <\/span><span style=\"color:#003366;\">Nous sommes fiers de vous pr\u00e9senter un r\u00e9sum\u00e9 de notre histoire.<\/span><\/h1>\n<p style=\"text-align:justify;\"><span style=\"color:#202020;\"><span style=\"color:#202020;\">Il \u00e9tait une fois en l&rsquo;an de gr\u00e2ce mille huit cent soixante douze un gouvernement qui osa adopter une loi sociale qui allait modifier le cours de l&rsquo;histoire des travailleurs et travailleuses. Cette loi sans m\u00eame le savoir affecterait les lois sociales et b\u00e9n\u00e9ficierait \u00e0 la population en g\u00e9n\u00e9ral.<\/span><\/span><\/p>\n<p style=\"text-align:justify;\"><span style=\"font-size:large;\"><span style=\"color:#000055;\">\u00a0\u00a0\u00a0\u00a0\u00a0\u00a0\u00a0\u00a0\u00a0\u00a0\u00a0\u00a0\u00a0 \u00a0\u00a0\u00a0\u00a0\u00a0\u00a0\u00a0\u00a0\u00a0\u00a0\u00a0\u00a0\u00a0\u00a0\u00a0\u00a0\u00a0\u00a0\u00a0\u00a0\u00a0\u00a0\u00a0\u00a0<img loading=\"lazy\" class=\"alignnone size-medium wp-image-310\" title=\"Parlement\" src=\"http:\/\/aimta922ca.files.wordpress.com\/2012\/02\/parlement.jpg?w=300\" alt=\"\" width=\"300\" height=\"244\" \/> <\/span><\/span><\/p>\n<p style=\"text-align:justify;\">1872 : Le Parlement du Canada promulgue la &laquo; Loi sur les syndicats &raquo; pour ainsi l\u00e9galiser la syndicalisation.<\/p>\n<p style=\"text-align:justify;\"><span style=\"color:#202020;font-size:small;\"><span style=\"font-size:medium;\"><strong><span style=\"color:#000000;\">1888<\/span><span style=\"font-family:Tahoma;\"> :<\/span> Dix-neuf machinistes se r\u00e9unissent dans une fosse \u00e0 locomotives \u00a0<\/strong><strong>d\u2019Atlanta en\u00a0 Georgie.\u00a0C&rsquo; est la fondation du  &raquo; Syndicat des Machinistes &raquo;.<\/strong>\u00a0\u00a0\u00a0 <\/span><\/span><\/p>\n<p style=\"text-align:justify;\"><span style=\"color:#202020;font-size:small;\"><span style=\"font-size:medium;\">\u00a0\u00a0\u00a0\u00a0\u00a0\u00a0\u00a0\u00a0\u00a0\u00a0 <img loading=\"lazy\" class=\"alignnone size-full wp-image-314\" title=\"19_machinists\" src=\"http:\/\/aimta922ca.files.wordpress.com\/2012\/02\/19_machinists.jpg\" alt=\"\" width=\"336\" height=\"345\" \/><\/span><\/span><\/p>\n<p style=\"text-align:justify;\">\u00c0 l\u2019\u00e9poque les machinistes touchaient entre 20 et 25 cents pour une journ\u00e9e de 10\u00a0 heures de travail.<\/p>\n<p style=\"text-align:justify;\">1889 : Trente-quatre sections locales sont repr\u00e9sent\u00e9es au premier Congr\u00e8s des Machinistes en Georgie.<\/p>\n<p style=\"text-align:left;\">Les d\u00e9l\u00e9gu\u00e9s \u00e9lisent leur &laquo; Grand Ma\u00eetre Machiniste &raquo; Tom Talbot. <img loading=\"lazy\" class=\"aligncenter\" title=\"Tom Talbot\" src=\"http:\/\/profile.ak.fbcdn.net\/hprofile-ak-snc4\/41368_100000651102389_5912_n.jpg\" alt=\"\" width=\"180\" height=\"239\" \/><\/p>\n<p style=\"text-align:justify;\">Un journal mensuel voit le jour qui deviendra le journal AIM que nous connaissons aujourd&rsquo;hui.<\/p>\n<p style=\"text-align:justify;\"><a href=\"http:\/\/www.goiam.org\/index.php\/news\/iam-journal\/11386-presidents-budget-proposal-invests-in-america-but-threatens-social-security\"><img src=\"http:\/\/www.goiam.org\/iam_journal\/2013\/april\/journal_april.jpg\" alt=\"\" width=\"150\" \/><\/a><\/p>\n<p style=\"text-align:justify;\">1890 : La premi\u00e8re section locale canadienne (Section Locale 103) obtient sa charte \u00e0 Stratford (Ontario).<\/p>\n<p style=\"text-align:justify;\">Le syndicat est nomm\u00e9 \u00ab l\u2019Association Internationale des Machinistes\u00bb.<\/p>\n<p style=\"text-align:justify;\">Le si\u00e8ge\u00a0 social est \u00e9tabli \u00e0 Richmond en Virginie.<\/p>\n<p style=\"text-align:justify;\" align=\"left\">\u00a0\u00a0\u00a0\u00a0\u00a0<span style=\"color:#000080;\"><strong>\u00a0Le Syndicat des Machinistes compte alors 4 000 membres<\/strong>.<\/span><\/p>\n<p style=\"text-align:justify;\">1891 : La section locale 145 de l\u2019AIM exige un traitement de 3 $ par journ\u00e9e de travail de 10 heures.<\/p>\n<p style=\"text-align:justify;\">1892 : La section locale 235 (Toronto) re\u00e7oit sa charte.<\/p>\n<p style=\"text-align:justify;\"><img loading=\"lazy\" class=\"alignnone\" src=\"http:\/\/235.iamaw.ca\/wp-content\/uploads\/2011\/02\/2352.jpg\" alt=\"\" width=\"692\" height=\"162\" \/><\/p>\n<p style=\"text-align:justify;\">La premi\u00e8re entente ferroviaire est conclue avec Atcheson, Topeka &amp; Santa Fe.<\/p>\n<p><img loading=\"lazy\" class=\"alignright\" src=\"http:\/\/aimta922ca.files.wordpress.com\/2012\/02\/295c4-atchisontopekasantafealbaquerque1989u33c.jpg\" alt=\"\" width=\"339\" height=\"236\" \/><\/p>\n<p style=\"text-align:justify;\">1895 : L\u2019AIM se joint \u00e0 la F\u00e9d\u00e9ration Am\u00e9ricaine du Travail (FAT)et d\u00e9m\u00e9nage son si\u00e8ge social \u00e0 Chicago.<\/p>\n<p style=\"text-align:justify;\">1898 : La section locale 52 de l\u2019AIM \u00e0 Pittsburgh r\u00e9ussit sa premi\u00e8re gr\u00e8ve et obtient une journ\u00e9e de travail de 9 heures.<\/p>\n<p style=\"text-align:justify;\">1899 : Les heures suppl\u00e9mentaires sont pay\u00e9es \u00e0 temps et demi.<\/p>\n<p style=\"text-align:center;\"><span style=\"color:#000080;\"><strong>Le si\u00e8ge social d\u00e9m\u00e9nage \u00e0 Washington D.C.<\/strong><\/span><\/p>\n<p style=\"text-align:justify;\">1900: Le Parlement du Canada adopte une r\u00e9solution sur le r\u00e9gime des justes salaires pour que les travaux publics f\u00e9d\u00e9raux soient pay\u00e9s aux taux en vigueur pour les hommes de m\u00e9tier.<\/p>\n<p style=\"text-align:justify;\">1901: L\u2019AIM organise son congr\u00e8s \u00e0 Toronto (Ontario), Canada.<\/p>\n<p style=\"text-align:justify;\"><a href=\"https:\/\/aimta922ca.files.wordpress.com\/2012\/02\/city_of_toronto_logo.png\"><img loading=\"lazy\" class=\"alignnone  wp-image-1972\" src=\"https:\/\/aimta922ca.files.wordpress.com\/2012\/02\/city_of_toronto_logo.png\" alt=\"City_of_Toronto_Logo\" width=\"135\" height=\"135\" \/><\/a><\/p>\n<p style=\"text-align:justify;\">La section locale 456 de Victoria en Colombie-Britannique re\u00e7oit sa charte.<\/p>\n<p style=\"text-align:justify;\">1903 : Les sp\u00e9cialistes peuvent adh\u00e9rer au mouvement.<\/p>\n<p style=\"text-align:center;\"><span style=\"color:#000080;\"><strong>On commence \u00e0 r\u00e9clamer une journ\u00e9e de travail de 8 heures.<\/strong><\/span><\/p>\n<p style=\"text-align:center;\"><a href=\"https:\/\/aimta922ca.files.wordpress.com\/2012\/02\/medium_tract_8h.jpg\"><img loading=\"lazy\" class=\"alignnone  wp-image-1974\" src=\"https:\/\/aimta922ca.files.wordpress.com\/2012\/02\/medium_tract_8h.jpg\" alt=\"medium_tract_8h\" width=\"247\" height=\"343\" \/><\/a><\/p>\n<p style=\"text-align:justify;\">1905 : Les apprentis sont accept\u00e9s dans le syndicat.<\/p>\n<p style=\"text-align:justify;\">On compte maintenant\u00a0769 sections locales.<\/p>\n<p style=\"text-align:justify;\">Les Machinistes qui travaillent sur les chemins de fer gagnent entre 36 et 43 cents l\u2019heure et travaillent 9 heures par jour.<\/p>\n<p style=\"text-align:justify;\">1908 : La FAT met sur pied la division des m\u00e9tiers de m\u00e9tallurgie.<\/p>\n<p style=\"text-align:justify;\">Le pr\u00e9sident de l\u2019AIM James O&rsquo;Connell est nomm\u00e9 pr\u00e9sident de cette division.<\/p>\n<p style=\"text-align:left;\"><span style=\"color:#000080;\"><strong>1911 : Les femmes peuvent devenir membres avec tous les\u00a0droits<\/strong><\/span><\/p>\n<p style=\"text-align:left;\"><a href=\"https:\/\/aimta922ca.files.wordpress.com\/2012\/02\/qsf.jpg\"><img loading=\"lazy\" class=\"alignnone  wp-image-1975\" src=\"https:\/\/aimta922ca.files.wordpress.com\/2012\/02\/qsf.jpg\" alt=\"qsf\" width=\"419\" height=\"298\" \/><\/a><\/p>\n<p style=\"text-align:justify;\">1912 : La FAT \u00e9tablit sa division des employ\u00e9s ferroviaires pr\u00e9sid\u00e9e par A.O. Wharton, pr\u00e9sident des\u00a0 Machinistes.<span style=\"color:#000080;font-family:Tahoma;\"><span style=\"color:#000000;font-family:Arial;\">\u00a0<\/span><\/span><span style=\"color:#000080;font-family:Tahoma;\">\u00a0\u00a0<\/span><\/p>\n<p style=\"text-align:justify;\"><span style=\"color:#000080;font-family:Tahoma;\">\u00a0\u00a0<a href=\"https:\/\/aimta922ca.files.wordpress.com\/2012\/02\/wharton.gif\"><img loading=\"lazy\" class=\"alignnone size-full wp-image-1977\" src=\"https:\/\/aimta922ca.files.wordpress.com\/2012\/02\/wharton.gif\" alt=\"wharton\" width=\"100\" height=\"153\" \/><\/a>\u00a0\u00a0\u00a0\u00a0\u00a0\u00a0\u00a0\u00a0\u00a0\u00a0\u00a0\u00a0\u00a0\u00a0\u00a0\u00a0\u00a0\u00a0\u00a0\u00a0\u00a0\u00a0\u00a0\u00a0\u00a0\u00a0\u00a0\u00a0\u00a0\u00a0\u00a0\u00a0\u00a0\u00a0\u00a0\u00a0\u00a0\u00a0\u00a0\u00a0\u00a0\u00a0\u00a0\u00a0\u00a0\u00a0 <\/span><\/p>\n<p style=\"text-align:justify;\">1914 : L\u2019Ontario promulgue les premi\u00e8res lois d\u2019indemnisation des travailleurs au Canada.<\/p>\n<p style=\"text-align:justify;\">1915 : Plusieurs ateliers et usines repr\u00e9sent\u00e9s par l\u2019AIM gagnent le droit \u00e0 une journ\u00e9e de travail de 8 heures.<\/p>\n<p style=\"text-align:justify;\">L\u2019AIM s\u2019affilie \u00e0 la F\u00e9d\u00e9ration Internationale des Organisations de Travailleurs de la M\u00e9tallurgie.<\/p>\n<p style=\"text-align:justify;\">1916 : Les m\u00e9caniciens automobiles peuvent devenir membres du syndicat.<\/p>\n<p style=\"text-align:justify;\"><span style=\"color:#000080;\"><strong>1917 : Les femmes canadiennes obtiennent le droit de voter aux \u00e9lections f\u00e9d\u00e9rales.<\/strong><\/span><\/p>\n<p style=\"text-align:center;\"><a href=\"https:\/\/aimta922ca.files.wordpress.com\/2012\/02\/droit-de-vote-femmes.gif\"><img loading=\"lazy\" class=\"alignnone size-full wp-image-1979\" src=\"https:\/\/aimta922ca.files.wordpress.com\/2012\/02\/droit-de-vote-femmes.gif\" alt=\"droit de vote femmes\" width=\"500\" height=\"375\" \/><\/a><\/p>\n<p style=\"text-align:center;\"><strong>1<span style=\"color:#000080;\">918 : L\u2019AIM compte maintenant 33 000 membres.<\/span><\/strong><\/p>\n<p style=\"text-align:center;\"><a href=\"https:\/\/aimta922ca.files.wordpress.com\/2012\/02\/winnipeggeneralstrikemuralcr.jpg\"><img loading=\"lazy\" class=\"alignnone  wp-image-1980\" src=\"https:\/\/aimta922ca.files.wordpress.com\/2012\/02\/winnipeggeneralstrikemuralcr.jpg\" alt=\"WinnipegGeneralStrikeMuralcr\" width=\"412\" height=\"434\" \/><\/a><\/p>\n<p style=\"text-align:justify;\"><strong><span style=\"color:#000080;\">Gr\u00e8ve g\u00e9n\u00e9rale \u00e0 Winnipeg<\/span>.<\/strong> Un des dirigeants de la gr\u00e8ve est le Machiniste R.B. Russell secr\u00e9taire-tr\u00e9sorier du district 2 de l\u2019AIM. L\u2019AIM et d\u2019autres syndicats de m\u00e9tallurgistes d\u00e9cident de fonder un Conseil des m\u00e9tiers des m\u00e9taux et \u00e9lisent Russell au poste de secr\u00e9taire. Ensuite, ils pr\u00e9sentent des demandes de reconnaissance syndicale aux employeurs m\u00e9tallurgistes de Winnipeg. Le 15 mai, 12 000 hommes de m\u00e9tier du b\u00e2timent et de la m\u00e9tallurgie arr\u00eatent de travailler. La gr\u00e8ve se propage d\u2019industrie en industrie (centrales t\u00e9l\u00e9phoniques et t\u00e9l\u00e9graphiques, h\u00f4tels, banques, commerces, p\u00e2tisseries, laiteries, restaurants, voire m\u00e9dias imprim\u00e9s).<\/p>\n<p style=\"text-align:justify;\">Moins de 48 heures plus tard, 35 000 travailleurs font la gr\u00e8ve et les policiers, les pompiers et les postiers sont pr\u00eats \u00e0 <span style=\"color:#404040;font-family:Tahoma;\">s<\/span>e joindre aux rangs des gr\u00e9vistes. Le chef du gouvernement f\u00e9d\u00e9ral Robert\u00a0 Borden ordonne que la Gendarmerie Royale du Canada (GRC, aid\u00e9e de troupes f\u00e9d\u00e9rales arm\u00e9es de mitrailleurs intervienne pour briser la gr\u00e8ve. Cette mesure n\u2019est bien accueillie par le reste du Canada et des travailleurs commencent \u00e0 faire la gr\u00e8ve au Manitoba en Saskatchewan en Alberta et en Colombie-Britannique. Plus \u00e0 l\u2019est l\u2019Ontario et le Qu\u00e9bec se joignent \u00e0 la manifestation de solidarit\u00e9. La L\u00e9gion royale canadienne renverse une r\u00e9solution de pr\u00e9vention des gr\u00e8ves et se proclame \u00ab enti\u00e8rement sympathisante \u00bb avec les gr\u00e9vistes.<\/p>\n<p style=\"text-align:justify;\"><a href=\"https:\/\/aimta922ca.files.wordpress.com\/2012\/02\/winipeg.jpg\"><img loading=\"lazy\" class=\"alignnone size-full wp-image-1981\" src=\"https:\/\/aimta922ca.files.wordpress.com\/2012\/02\/winipeg.jpg\" alt=\"Strike\" width=\"584\" height=\"321\" \/><\/a><\/p>\n<p style=\"text-align:justify;\"><span style=\"color:#000000;\">La Gendarmerie Royale descend dans la rue Main pendant la gr\u00e8ve g\u00e9n\u00e9rale de Winnipeg, le 21 juin, 1919. (Archives nationales du Canada , C-37275)<\/span><\/p>\n<p style=\"text-align:justify;\"><a href=\"https:\/\/aimta922ca.files.wordpress.com\/2012\/02\/gonick_pic_1_650_419_90.jpg\"><img loading=\"lazy\" class=\"alignnone size-full wp-image-1982\" src=\"https:\/\/aimta922ca.files.wordpress.com\/2012\/02\/gonick_pic_1_650_419_90.jpg\" alt=\"gonick_pic_1_650_419_90\" width=\"584\" height=\"376\" \/><\/a><\/p>\n<p style=\"text-align:justify;\">Le 17 juin R.B. Russell coll\u00e8gue Machiniste, Peter Herenchuk et d\u2019autres dirigeants de la gr\u00e8ve sont arr\u00eat\u00e9s et conduits au p\u00e9nitencier Stony Mountain o\u00f9 ils sont d\u00e9tenus sans possibilit\u00e9 de lib\u00e9ration sous caution. La protestation s\u2019intensifie d\u2019une cote \u00e0 l\u2019autre et les dirigeants de la gr\u00e8ve sont lib\u00e9r\u00e9s dans les 72 heures suivant leur arrestation. Quelques jours plus tard les gr\u00e9vistes de Winnipeg planifient une \u00e9norme parade sous le chapeau du silence. La police mont\u00e9e tire dans la foule et tue deux ouvriers tout en blessant une trentaine d\u2019autres.<\/p>\n<p style=\"text-align:justify;\">1920 : La British Amalgamated Engineering Union c\u00e8de ses sections locales nord-am\u00e9ricaines \u00e0 l\u2019AIM.<\/p>\n<p style=\"text-align:justify;\">1920 : Les machinistes gagnent entre 72 et 90 cents l\u2019heure et travaillent 44 heures par semaine.<\/p>\n<p style=\"text-align:justify;\">1922 : 79 000 Machinistes du domaine ferroviaire mettent la gr\u00e8ve des employ\u00e9s d\u2019atelier sur le dos de la deuxi\u00e8me r\u00e9duction des salaires depuis la guerre.<\/p>\n<p style=\"text-align:center;\"><span style=\"color:#000080;\"><strong>Les effectifs de l&rsquo;AIM sont r\u00e9duits \u00e0 148 000 membres.<\/strong><\/span><\/p>\n<p style=\"text-align:justify;\" align=\"left\">1927 : Le gouvernement canadien cr\u00e9e le r\u00e9gime des pensions de vieillesse.<\/p>\n<p style=\"text-align:justify;\"><img loading=\"lazy\" class=\"alignnone size-full wp-image-1984\" src=\"https:\/\/aimta922ca.files.wordpress.com\/2012\/02\/cabinetliberalmackenzieking_1930.jpg\" alt=\"cabinetliberalmackenzieking_1930\" width=\"584\" height=\"350\" \/><\/p>\n<p style=\"text-align:justify;\">1928 : Les 250 d\u00e9l\u00e9gu\u00e9s au 18e Congr\u00e8s de l\u2019AIM exigent une semaine de travail de 5 jours pour all\u00e9ger le probl\u00e8me du ch\u00f4mage.<\/p>\n<p style=\"text-align:justify;\">1929 : En raison des mises \u00e0 pied pendant la d\u00e9pression.<\/p>\n<p style=\"text-align:justify;\"><a href=\"https:\/\/aimta922ca.files.wordpress.com\/2012\/02\/the-great-depression-1929-1940-source.jpg\"><img loading=\"lazy\" class=\"alignnone size-full wp-image-1985\" src=\"https:\/\/aimta922ca.files.wordpress.com\/2012\/02\/the-great-depression-1929-1940-source.jpg\" alt=\"the-great-depression-1929-1940--source\" width=\"584\" height=\"431\" \/><\/a><\/p>\n<p style=\"text-align:center;\"><strong>l<span style=\"color:#000080;\">\u2019AIM ne compte plus que 70 000 membres.<\/span><\/strong><\/p>\n<p style=\"text-align:justify;\">1932 : Presque 30 % des syndiqu\u00e9s son sans emploi.<\/p>\n<p style=\"text-align:justify;\">1933 : La F\u00e9d\u00e9ration du Commonwealth Coop\u00e9ratif (FCC) est fond\u00e9e pour donner une voix\u00a0 politique aux ouvriers et aux agriculteurs.<span style=\"color:#707070;font-size:xx-small;\">\u00a0\u00a0\u00a0\u00a0\u00a0\u00a0\u00a0\u00a0\u00a0\u00a0\u00a0\u00a0\u00a0\u00a0\u00a0\u00a0\u00a0\u00a0 <\/span><\/p>\n<p style=\"text-align:center;\" align=\"left\"><span style=\"color:#000080;\"><strong>Il ne reste plus que 56 000 membres.<\/strong><\/span><\/p>\n<p style=\"text-align:justify;\">1934 : L\u2019AIM met sur pied son service de recherche.<\/p>\n<p style=\"text-align:justify;\">1935 : L\u2019AIM lance une campagne pour recruter \u00ab l\u2019industrie a\u00e9rospatiale \u00bb.<\/p>\n<p style=\"text-align:center;\"><a href=\"https:\/\/aimta922ca.files.wordpress.com\/2012\/02\/photo_4_220px-vultee_valiant_production_downey_ca_1943.jpg\"><img loading=\"lazy\" class=\"alignnone  wp-image-1986\" src=\"https:\/\/aimta922ca.files.wordpress.com\/2012\/02\/photo_4_220px-vultee_valiant_production_downey_ca_1943.jpg\" alt=\"Photo_4_220px-Vultee_Valiant_production_Downey_CA_1943\" width=\"263\" height=\"322\" \/><\/a><\/p>\n<p style=\"text-align:center;\"><span style=\"color:#000080;\"><strong>1936 : Le nombre de Machinistes grimpe \u00e0 130 000.<\/strong><\/span><\/p>\n<p style=\"text-align:justify;\">1937 : L\u2019AIM n\u00e9gocie des cong\u00e9s pay\u00e9s dans 26 % de ses conventions collectives.<\/p>\n<p style=\"text-align:justify;\">1939 : L\u2019AIM conclut sa premi\u00e8re convention collective dans l\u2019industrie du transport a\u00e9rien avec la Compagnie Eastern.<\/p>\n<p style=\"text-align:justify;\"><a href=\"https:\/\/aimta922ca.files.wordpress.com\/2012\/02\/the_great_silver_fleet_1939.jpg\"><img loading=\"lazy\" class=\"alignnone size-full wp-image-1987\" src=\"https:\/\/aimta922ca.files.wordpress.com\/2012\/02\/the_great_silver_fleet_1939.jpg\" alt=\"The_Great_Silver_Fleet_1939\" width=\"584\" height=\"380\" \/><\/a><\/p>\n<p style=\"text-align:justify;\">1940 : Les Machinistes re\u00e7oivent un salaire moyen de 80 cents l\u2019heure.<\/p>\n<p style=\"text-align:center;\"><span style=\"color:#000080;\"><strong>L&rsquo; AIMTA compte maintenant 188 000 membres.<\/strong><\/span><\/p>\n<p style=\"text-align:justify;\"><span style=\"font-family:Arial, Geneva, sans-serif;color:#000080;\"><span style=\"font-size:large;\"><strong>16 avril 1940,\u00a0<\/strong><\/span><\/span><strong style=\"color:#000080;font-family:Arial, Geneva, sans-serif;font-style:inherit;line-height:1.625;\">la Section locale 712, Canadair. Bombardier, re\u00e7oit sa Charte<\/strong><\/p>\n<p style=\"text-align:center;\"><a href=\"https:\/\/aimta922ca.files.wordpress.com\/2012\/02\/flotte-float.jpg\"><img loading=\"lazy\" class=\"alignnone size-full wp-image-1988\" src=\"https:\/\/aimta922ca.files.wordpress.com\/2012\/02\/flotte-float.jpg\" alt=\"Flotte-Float\" width=\"584\" height=\"438\" \/><\/a><\/p>\n<p style=\"text-align:justify;\"><span style=\"font-family:Arial, Geneva, sans-serif;\"><span style=\"font-size:medium;\"><span style=\"color:#0000ff;\"><span style=\"color:#000000;\">Le Syndicat des Machinistes AIMTA. repr\u00e9sente les travailleurs et travailleuses de Bombardier <\/span><\/span><span style=\"color:#0000ff;\"><span style=\"color:#000000;\">A\u00e9ronautique, L3Com MAS Canada, Aramark, Compass et Industries CPS.\u00a0 Aujourd&rsquo;hui, notre main-d&rsquo;\u0153uvre de qualit\u00e9 sup\u00e9rieure est reconnue \u00e0 travers la plan\u00e8te.<\/span><\/span><\/span><\/span><\/p>\n<p style=\"text-align:justify;\">1941 : Le programme canadien d\u2019assurance-ch\u00f4mage voit le jour.<\/p>\n<p style=\"text-align:center;\"><a href=\"https:\/\/aimta922ca.files.wordpress.com\/2012\/02\/title_1941_french_.gif\"><img loading=\"lazy\" class=\"size-full wp-image-1990\" src=\"https:\/\/aimta922ca.files.wordpress.com\/2012\/02\/title_1941_french_.gif\" alt=\"title_1941_french_\" width=\"450\" height=\"93\" \/><\/a><\/p>\n<p style=\"text-align:justify;\">La SL714 de l\u2019AIM \u00e0 Winnipeg signe la premi\u00e8re convention collective avec Trans- Canada Airlines (aujourd\u2019hui Air Canada).<\/p>\n<p style=\"text-align:justify;\"><a href=\"https:\/\/aimta922ca.files.wordpress.com\/2012\/02\/cavm_24950.jpg\"><img loading=\"lazy\" class=\"alignnone size-full wp-image-1991\" src=\"https:\/\/aimta922ca.files.wordpress.com\/2012\/02\/cavm_24950.jpg\" alt=\"CAVM_24950\" width=\"533\" height=\"350\" \/><\/a><\/p>\n<p style=\"text-align:justify;\">1943 : La Section Locale 1660 de l&rsquo;Association Internationale des Machinistes et Travailleurs et Travailleuses en A\u00e9rospatiale a \u00e9t\u00e9 fond\u00e9e le 27 mars 1943 par les travailleurs de Dominion Engineering Works de Lachine. Cette ann\u00e9e l\u00e0 en mars ils obtenaient leur charte syndicale et ils signaient leur premi\u00e8re convention collective l&rsquo;ann\u00e9e d&rsquo;apr\u00e8s.<\/p>\n<p style=\"text-align:justify;\"><a href=\"https:\/\/aimta922ca.files.wordpress.com\/2012\/02\/banniereft.gif\"><img loading=\"lazy\" class=\"alignnone size-full wp-image-1992\" src=\"https:\/\/aimta922ca.files.wordpress.com\/2012\/02\/banniereft.gif\" alt=\"banniereFT\" width=\"584\" height=\"111\" \/><\/a><\/p>\n<p style=\"text-align:justify;\">La FCC, men\u00e9e par Tommy Douglas, remporte l\u2019\u00e9lection provinciale en Saskatchewan et forme le premier gouvernement \u00e0 offrir les soins m\u00e9dicaux, hospitaliers et dentaires gratuits pour les retrait\u00e9s.<\/p>\n<p style=\"text-align:center;\"><a href=\"https:\/\/aimta922ca.files.wordpress.com\/2012\/02\/tommy-douglas-greatest.jpg\"><img loading=\"lazy\" class=\"alignnone size-full wp-image-1993\" src=\"https:\/\/aimta922ca.files.wordpress.com\/2012\/02\/tommy-douglas-greatest.jpg\" alt=\"tommy-douglas-greatest\" width=\"365\" height=\"295\" \/><\/a><\/p>\n<p style=\"text-align:justify;\">L\u2019Ontario promulgue la premi\u00e8re loi au Canada garantissant le droit \u00e0 des cong\u00e9s annuels ainsi que la\u00a0Loi contre la discrimination raciale, la premi\u00e8re loi canadienne \u00e0 interdire la discrimination.<\/p>\n<p style=\"text-align:justify;\"><span style=\"color:#000080;\"><strong>L\u2019AIM compte 76 000 membres au sein des forces arm\u00e9es et 776 000 membres en tout.<\/strong><\/span><\/p>\n<p style=\"text-align:justify;\">1945 : Une premi\u00e8re entente avec Remington Rand.<\/p>\n<p style=\"text-align:justify;\"><a href=\"https:\/\/aimta922ca.files.wordpress.com\/2012\/02\/test-globe1.gif\"><img loading=\"lazy\" class=\"alignnone size-full wp-image-1994\" src=\"https:\/\/aimta922ca.files.wordpress.com\/2012\/02\/test-globe1.gif\" alt=\"test globe1\" width=\"293\" height=\"146\" \/><\/a><\/p>\n<p style=\"text-align:justify;\">Le Congr\u00e8s de l\u2019AIM vote en faveur de la cr\u00e9ation d\u2019un journal hebdomadaire et d\u2019un service d\u2019\u00e9ducation.<\/p>\n<p style=\"text-align:center;\"><a href=\"https:\/\/aimta922ca.files.wordpress.com\/2012\/02\/screen480x480.jpg\"><img loading=\"lazy\" class=\"alignnone size-full wp-image-1995\" src=\"https:\/\/aimta922ca.files.wordpress.com\/2012\/02\/screen480x480.jpg\" alt=\"screen480x480\" width=\"480\" height=\"360\" \/><\/a><\/p>\n<p style=\"text-align:center;\"><span style=\"color:#000080;\"><strong>Des mises \u00e0 pied massives suivent la fin de la Deuxi\u00e8me guerre mondiale.<\/strong><\/span><\/p>\n<p style=\"text-align:center;\"><a href=\"https:\/\/aimta922ca.files.wordpress.com\/2012\/02\/titre_guerre.gif\"><img loading=\"lazy\" class=\"alignnone size-full wp-image-1996\" src=\"https:\/\/aimta922ca.files.wordpress.com\/2012\/02\/titre_guerre.gif\" alt=\"titre_guerre\" width=\"526\" height=\"102\" \/><\/a><\/p>\n<p style=\"text-align:center;\"><a href=\"https:\/\/aimta922ca.files.wordpress.com\/2012\/02\/8-mai-1945.jpg\"><img loading=\"lazy\" class=\"alignnone size-full wp-image-1997\" src=\"https:\/\/aimta922ca.files.wordpress.com\/2012\/02\/8-mai-1945.jpg\" alt=\"8 mai 1945\" width=\"400\" height=\"560\" \/><\/a><\/p>\n<p style=\"text-align:justify;\"><span style=\"color:#0000ff;\">1946 : La section locale 1120 re\u00e7oit sa charte le 1er janvier<\/span><\/p>\n<p style=\"text-align:left;\"><a href=\"https:\/\/aimta922ca.files.wordpress.com\/2012\/02\/logo2.gif\"><img loading=\"lazy\" class=\"alignnone  wp-image-1998\" src=\"https:\/\/aimta922ca.files.wordpress.com\/2012\/02\/logo2.gif\" alt=\"logo2\" width=\"297\" height=\"205\" \/><\/a><\/p>\n<p style=\"text-align:justify;\"><span style=\"color:#000080;font-family:Verdana;font-size:large;\">Thunder Bay Ontario<\/span><\/p>\n<p style=\"text-align:justify;\">Au total 88 % des conventions collectives de l\u2019AIM pr\u00e9voient des cong\u00e9s pay\u00e9s.<\/p>\n<p style=\"text-align:justify;\">1947 : Le gouvernement social-d\u00e9mocrate de la Saskatchewan (FCC) adopte une d\u00e9claration des droits, la premi\u00e8re loi exhaustive sur les droits de la personne au Canada, l\u2019assurance-hospitalisation universelle et la premi\u00e8re loi <span style=\"color:#000000;\">canadienne sur les cong\u00e9s f\u00e9ri\u00e9s pay\u00e9s.<\/span><\/p>\n<p style=\"text-align:center;\"><a href=\"https:\/\/aimta922ca.files.wordpress.com\/2012\/02\/pic-1-1.jpg\"><img loading=\"lazy\" class=\"alignnone size-full wp-image-1999\" src=\"https:\/\/aimta922ca.files.wordpress.com\/2012\/02\/pic-1-1.jpg\" alt=\"pic-1-1\" width=\"584\" height=\"432\" \/><\/a><\/p>\n<h2 style=\"text-align:justify;\"><span style=\"color:#000080;\">Regina (Saskatchewan)<\/span><\/h2>\n<p style=\"text-align:justify;\">1<sup>er<\/sup> avril 1947<\/p>\n<p style=\"text-align:justify;\"><span style=\"color:#000000;\">La Saskatchewan occupe une place privil\u00e9gi\u00e9e pour ce qui est du d\u00e9veloppement des droits de la personne. <\/span><span style=\"color:#000000;\">Par exemple, sous la direction du premier ministre Tommy Douglas, la province introduit la premi\u00e8re <\/span><span style=\"color:#000000;\">assurance- hospitalisation au pays. Qui plus est, en 1947, elle adopte la <em>Saskatchewan Bill of Rights Act. 1947<\/em>, S.S.<\/span><\/p>\n<p style=\"text-align:justify;\"><span style=\"color:#000000;\">1947, c. 35 &#8211; la premi\u00e8re loi g\u00e9n\u00e9rale du Canada interdisant la discrimination. <\/span><span style=\"color:#000000;\">Par le pass\u00e9, les juges qui doivent prendre des d\u00e9cisions dans des affaires de discrimination ne peuvent que lever les\u00a0<\/span><span style=\"color:#000000;\">\u00a0bras au ciel en signe d&rsquo;impuissance et s&rsquo;exclamer : \u00ab Ce n&rsquo;est pas ill\u00e9gal, je ne peux absolument rien faire \u00bb. Eh bien \u00e7a, <\/span><span style=\"color:#000000;\">c&rsquo;est de l&rsquo;histoire ancienne, du moins en Saskatchewan. \u00c0 partir de maintenant, la discrimination est ill\u00e9gale.\u00a0 <\/span><\/p>\n<p style=\"text-align:center;\"><span style=\"color:#000080;\">Pour la premi\u00e8re fois dans l&rsquo;histoire de ce pays, une loi : <\/span><\/p>\n<ul style=\"text-align:justify;\">\n<li><span style=\"color:#000000;\">\u00e9tablit les libert\u00e9s fondamentales que les Canadiens tiennent pour acquises aujourd&rsquo;hui; <\/span><\/li>\n<li><span style=\"color:#000000;\">interdit la discrimination fond\u00e9e sur la race, les croyances, la religion, la couleur de la peau ou l&rsquo;origine ethnique ou\u00a0 <\/span><span style=\"color:#000000;\">nationale; <\/span><\/li>\n<li><span style=\"color:#000000;\">interdit la discrimination en ce qui a trait au logement, \u00e0 l&#8217;emploi, \u00e0 la profession et \u00e0 l&rsquo;\u00e9ducation; <\/span><\/li>\n<li><span style=\"color:#000000;\">interdit les publications qui sont susceptibles de priver quelqu&rsquo;un de ses droits juridiques pour des motifs li\u00e9s \u00e0 la race, <\/span><span style=\"color:#000000;\">aux croyances, \u00e0 la religion, \u00e0 la couleur de la peau ou \u00e0 l&rsquo;origine ethnique ou nationale.\u00a0<\/span><span style=\"color:#000000;\">\u00a0Finalement, la discrimination n&rsquo;est pas seulement moralement condamnable, elle l&rsquo;est l\u00e9galement. <\/span><\/li>\n<\/ul>\n<p style=\"text-align:justify;\"><span style=\"color:#000080;\">La section locale 1751, Air canada re\u00e7oit sa charte le 8 janvier apr\u00e8s avoir \u00e9t\u00e9 \u00e9tablie le 8 mars 1946.<\/span><\/p>\n<p style=\"text-align:center;\"><a href=\"https:\/\/aimta922ca.files.wordpress.com\/2012\/02\/aimta1751logo1.png\"><img loading=\"lazy\" class=\"alignnone size-full wp-image-2000\" src=\"https:\/\/aimta922ca.files.wordpress.com\/2012\/02\/aimta1751logo1.png\" alt=\"aimta1751logo1\" width=\"584\" height=\"107\" \/><\/a><\/p>\n<p style=\"text-align:center;\"><a href=\"https:\/\/aimta922ca.files.wordpress.com\/2012\/02\/aircan-300.jpg\"><img loading=\"lazy\" class=\"alignnone size-full wp-image-2001\" src=\"https:\/\/aimta922ca.files.wordpress.com\/2012\/02\/aircan-300.jpg\" alt=\"aircan.300\" width=\"300\" height=\"183\" \/><\/a><\/p>\n<p style=\"text-align:justify;\">La Ligue Politique Non Partisane des Machinistes est fond\u00e9, de m\u00eame que le service juridique de l\u2019AIM.<\/p>\n<p style=\"text-align:center;\"><span style=\"color:#000080;\"><strong>Les Machinistes gagnent en moyenne 1,56 $ l\u2019heure.<\/strong><\/span><\/p>\n<p style=\"text-align:justify;\">1948 : Toute personne peu importe sa race ou la couleur de sa peau peut devenir membre de l\u2019AIM.<\/p>\n<p style=\"text-align:justify;\">1949 : Les Machinistes du domaine ferroviaire gagnent le droit \u00e0 une semaine de travail de 40 heures.<\/p>\n<p style=\"text-align:center;\"><a href=\"https:\/\/aimta922ca.files.wordpress.com\/2012\/02\/machinistsfounders_sm.jpg\"><img loading=\"lazy\" class=\"alignnone size-full wp-image-2002\" src=\"https:\/\/aimta922ca.files.wordpress.com\/2012\/02\/machinistsfounders_sm.jpg\" alt=\"MachinistsFounders_sm\" width=\"584\" height=\"463\" \/><\/a><\/p>\n<p style=\"text-align:center;\"><span style=\"color:#000080;\"><strong>Les effectifs de l&rsquo;AIM diminuent \u00e0 501 000 membres.<\/strong><\/span><\/p>\n<p style=\"text-align:justify;\">1950 : Le 4 avril le gouvernement de l\u2019Ontario accorde une charte \u00e0 la coop\u00e9rative de cr\u00e9dit Jet Power.<\/p>\n<p style=\"text-align:justify;\">Les Machinistes, principalement Mike Rygus (section locale 1922 puis VPG canadien de\u00a0(1961 \u00e0 1984) ont travaill\u00e9 fort pour que la charte soit accord\u00e9e \u00e0 la coop\u00e9rative.<\/p>\n<p style=\"text-align:justify;\">L&rsquo;AIM se joint \u00e0 la F\u00e9d\u00e9ration Internationale des Ouvriers du Transport.<\/p>\n<p style=\"text-align:justify;\"><span style=\"color:#000080;\"><strong>Les Machinistes gagnent maintenant une moyenne de 1,82 $ l\u2019heure.<\/strong><\/span><\/p>\n<p style=\"text-align:justify;\">1951 : L\u2019Ontario promulgue une loi sur les justes m\u00e9thodes d\u2019emploi.<\/p>\n<p style=\"text-align:justify;\">1952 : Le programme universel de la S\u00e9curit\u00e9 de la vieillesse voit le jour.<\/p>\n<p style=\"text-align:justify;\">Les employ\u00e9s de 85 % des compagnies a\u00e9riennes sont maintenant prot\u00e9g\u00e9s par des conventions collectives de l\u2019AIM. Au total 92 % des convention collectives de l\u2019AIM pr\u00e9voient des cong\u00e9s pay\u00e9s.<\/p>\n<p style=\"text-align:justify;\" align=\"center\"><strong>\u00a0\u00a0\u00a0\u00a0\u00a0<span style=\"color:#000080;\">\u00a0 <span style=\"font-size:large;\"><span style=\"font-family:Arial, Geneva, sans-serif;\">La section locale 922 en Estrie re\u00e7oit sa charte le 5 mars.<\/span><\/span><\/span><\/strong><\/p>\n<p style=\"text-align:justify;\">1953 : L\u2019AIM n\u00e9gocie des conventions \u00e9tablissant les salaires et les conditions de travail avec 13 500 employeurs.<\/p>\n<p style=\"text-align:justify;\">Le Congr\u00e8s de l\u2019\u00e9nergie atomique de l\u2019AIM est mis sur pied.<\/p>\n<p style=\"text-align:justify;\">1954 : L\u2019Ontario promulgue une loi r\u00e9gissant les pratiques \u00e9quitables d\u2019accommodement.<\/p>\n<p style=\"text-align:justify;\">1955 : La FAT et le Congr\u00e8s des Organisations Industrielles (COI) fusionnent.<\/p>\n<p style=\"text-align:justify;\"><span style=\"font-size:large;\"><span style=\"font-size:medium;\"> Le Machiniste Al Hayes est \u00e9lu<\/span> <\/span>vice-pr\u00e9sident et pr\u00e9sident du comit\u00e9 d\u2019\u00e9thique.<\/p>\n<p style=\"text-align:justify;\">Au total 70 % des conventions collectives de l\u2019AIM pr\u00e9voient des clauses sur la sant\u00e9 et le bien-\u00eatre.<\/p>\n<p style=\"text-align:center;\"><span style=\"color:#000080;\"><strong>Le salaire moyen d\u2019un machiniste se chiffre \u00e0 2,33 $ l\u2019heure.<\/strong><\/span><\/p>\n<p style=\"text-align:justify;\">1956 : Le Congr\u00e8s du Travail du Canada est fond\u00e9. Claude Jodoin en est \u00e9lu le premier pr\u00e9sident. Percy Bengough aussi de l\u2019AIM et ancien pr\u00e9sident du Congr\u00e8s des m\u00e9tiers et du travail est nomm\u00e9 pr\u00e9sident honoraire du CTC.<\/p>\n<p style=\"text-align:center;\"><span style=\"color:#000080;\"><strong>La 2 000e section locale obtient sa charte.<\/strong><\/span><\/p>\n<p style=\"text-align:justify;\">Le si\u00e8ge social des Machinistes d\u00e9m\u00e9nage dans un nouvel immeuble de dix \u00e9tages sis au 1300 Connecticut Ave.<\/p>\n<p style=\"text-align:justify;\">1958 : Un programme national d\u2019assurance-hospitalisation publique voit le jour au Canada.<\/p>\n<p style=\"text-align:justify;\">Un vote r\u00e9f\u00e9rendaire est tenu pour \u00e9tablir le fonds de gr\u00e8ve de l\u2019AIM.<\/p>\n<p style=\"text-align:justify;\">La section locale 1957 re\u00e7oit sa charte le 15 mai.<\/p>\n<p style=\"text-align:justify;\">Le Congr\u00e8s de l\u2019AIM \u00e9tablit un fonds de gr\u00e8ve qui est approuv\u00e9 par les membres dans le cadre d\u2019un r\u00e9f\u00e9rendum.<\/p>\n<p style=\"text-align:center;\"><span style=\"color:#000080;\"><strong>L\u2019AIM compte maintenant 903 000 membres.<\/strong><\/span><\/p>\n<p style=\"text-align:justify;\"><span style=\"color:#000000;\">1981<\/span> <span style=\"color:#000000;\">: La fiert\u00e9 de l&rsquo;AIM voie le jour \u00e0 Placid Harbor, Hollywood Maryland<\/span><\/p>\n<p style=\"text-align:justify;\"><span style=\"color:#000000;\">1994 : Le Syndicat international des travailleurs unis du bois d\u2019Am\u00e9rique ratifie une entente de fusion. <\/span><\/p>\n<p style=\"text-align:justify;\"><span style=\"color:#000080;\"><strong>Plus de 20 000 nouveaux membres se joignent ainsi \u00e0 la famille de l\u2019AIM. Quelque\u00a0\u00a0\u00a0\u00a0\u00a0\u00a0\u00a0 8 000 employ\u00e9s de parc de USAir disent  &raquo; OUI \u00e0 l&rsquo;AIM &raquo;<\/strong><\/span><\/p>\n<p style=\"text-align:justify;\">La publication du bulletin des machinistes c\u00e8de sa place au Journal de l\u2019AIM.<\/p>\n<p style=\"text-align:justify;\">1995 : L\u2019AIM, le Syndicat des Travailleurs de l\u2019Automobile et le Syndicat des M\u00e9tallurgistes entreprennent des discussions sur l\u2019unification d\u2019ici l\u2019an 2000. Le programme d\u2019unification m\u00e8ne \u00e0 une grande solidarit\u00e9. Ce programme cr\u00e9erait le syndicat le plus diversifi\u00e9 et le plus nombreux en Am\u00e9rique du Nord avec plus de 2 000 000 de membres actifs et 1 400 00 retrait\u00e9s.<\/p>\n<p style=\"text-align:justify;\">Une gr\u00e8ve de 69 jours se solde par une importante victoire et une nouvelle convention collective avec la compagnie Boeing.<\/p>\n<p style=\"text-align:justify;\">Les membres s\u2019expriment dans le cadre de la premi\u00e8re tourn\u00e9e d\u2019une s\u00e9rie d\u2019assembl\u00e9es locales &laquo; Blue Ribbon &raquo;.<\/p>\n<p style=\"text-align:justify;\">1996 : Les \u00ab Fighting Machinists \u00bb m\u00e8nent la lutte politique pour les droits des travailleurs.<\/p>\n<p style=\"text-align:justify;\">Les efforts syndicaux assurent la victoire de l\u2019\u00e9quipe Clinton Gore.<\/p>\n<p style=\"text-align:justify;\"><span style=\"color:#808080;\">1996:Le Congr\u00e8s de l\u2019AIM se r\u00e9unit \u00e0 Chicago et les d\u00e9l\u00e9gu\u00e9s planifient le passage au 21i\u00e8me si\u00e8cle.<\/span><\/p>\n<p style=\"text-align:justify;\">Le 1er juillet 1997 Robert Thomas Buffenbarger \u00e2g\u00e9 de 46 ans devient le 13<sup>e<\/sup> pr\u00e9sident international . Il commence rapidement \u00e0 restructurer le syndicat pour qu\u2019il refl\u00e8te davantage la diversit\u00e9, les int\u00e9r\u00eats et les pr\u00e9occupations des membres<\/p>\n<p style=\"text-align:justify;\">.L\u2019ancien pr\u00e9sident de l\u2019AIM Wimpisinger d\u00e9c\u00e8de le 11 d\u00e9cembre, 1997.<\/p>\n<p style=\"text-align:justify;\">1997 : Le 1er janvier fondation du District 11 \u00e0 Montr\u00e9al qui repr\u00e9sente 12 sections locale dans les domaines d&rsquo;arbitrage, n\u00e9gociations et de repr\u00e9sentations.<\/p>\n<p style=\"text-align:justify;\" align=\"center\"><span style=\"color:#000080;\"><strong><span style=\"font-family:Arial;\"> AIMTA\u00a0 DISTRICT # 11<\/span><\/strong><\/span><\/p>\n<p style=\"text-align:justify;\" align=\"center\"><span style=\"color:#000080;font-family:Arial;\"><strong>Le syndicat de l&rsquo;A\u00e9rospatiale<\/strong><\/span><\/p>\n<p style=\"text-align:justify;\">1998 : Une nouvelle commission d\u2019experts &laquo; Blue Ribbon &raquo; est mise sur pied pour permettre aux membres d\u2019exprimer leurs points de vue.<\/p>\n<p style=\"text-align:justify;\"><span style=\"color:#000000;font-family:Arial, Geneva, sans-serif;\">1999:\u00a0 Robert Roach Jr. prends les commandes du d\u00e9partement des Transport de l&rsquo;Association.\u00a0 <\/span><\/p>\n<p style=\"text-align:justify;\"><span style=\"color:#000000;font-family:Arial, Geneva, sans-serif;\">Un Fonds mutuel IAM Shares est cr\u00e9\u00e9 pour investir dans les entreprises syndiqu\u00e9es avec nous.<\/span><\/p>\n<p style=\"text-align:justify;\"><span style=\"color:#000080;\"><strong><span style=\"font-family:Arial, Geneva, sans-serif;\">La F\u00e9d\u00e9ration National des Employ\u00e9s F\u00e9d\u00e9raux s&rsquo;affilie avec l&rsquo;AIM. 10 000 nouveaux membres.<\/span><\/strong><\/span><\/p>\n<p style=\"text-align:justify;\"><span style=\"font-family:Arial, Geneva, sans-serif;\"><span style=\"color:#000080;\"><strong>Fin de la tentative d&rsquo;unification avec les M\u00e9tallos et les Travailleurs de l&rsquo;Automobile<\/strong>.<\/span>..La cause, <\/span><span style=\"font-family:Arial, Geneva, sans-serif;\">diff\u00e9rences <\/span><span style=\"font-family:Arial, Geneva, sans-serif;\">profondes de <\/span><span style=\"font-family:Arial, Geneva, sans-serif;\">philosophie. Les trois syndicats se promettent &laquo; font le v\u0153ux &raquo; de travailler<\/span><span style=\"font-family:Arial, Geneva, sans-serif;\"> ensemble.<\/span><\/p>\n<p style=\"text-align:justify;\" align=\"center\"><span style=\"color:#606060;font-family:Arial, Geneva, sans-serif;\"><strong>2000: Le 35e congr\u00e8s de l&rsquo;AIM se r\u00e9unie \u00e0 San Francisco\u00a0 sous le th\u00e8me\u00a0\u00a0\u00a0\u00a0\u00a0\u00a0\u00a0\u00a0\u00a0<\/strong><\/span><\/p>\n<p style=\"text-align:justify;\" align=\"center\"><span style=\"color:#606060;font-family:Arial, Geneva, sans-serif;\"><strong>\u00a0 <span style=\"color:#000080;\">&laquo; Les visages de l&rsquo;AIM<\/span><\/strong><\/span><\/p>\n<p style=\"text-align:justify;\" align=\"center\"><span style=\"color:#606060;font-family:Arial, Geneva, sans-serif;\"><strong>Les membres votes pour la cr\u00e9ation des postes de Communicateur et \u00c9ducateur<\/strong><\/span><\/p>\n<p style=\"text-align:justify;\" align=\"center\"><strong><span style=\"color:#606060;\"> <span style=\"font-family:Arial;\">Le Centre Wimpisinger agrandit et augmente sa capacit\u00e9 de formation de 50%<\/span><\/span><\/strong><\/p>\n<p style=\"text-align:justify;\" align=\"center\">Construction d&rsquo;un m<span style=\"font-family:Arial;\">\u00e9morial \u00e0 la m\u00e9moire des syndiqu\u00e9s<\/span> <span style=\"font-family:Arial, Geneva, sans-serif;\">ayant laiss\u00e9 leur vie au travail<\/span><\/p>\n<p style=\"text-align:justify;\"><span style=\"color:#000071;\"><span style=\"font-family:Arial, Geneva, sans-serif;\">Des membres de l&rsquo;AIM perdent la vie durant l&rsquo;attaque du 11 septembre et un groupe de <\/span><span style=\"font-family:Arial, Geneva, sans-serif;\">volontaires <\/span><span style=\"font-family:Arial, Geneva, sans-serif;\">s&rsquo;engagent \u00e0 <\/span><\/span><span style=\"font-family:Arial, Geneva, sans-serif;\"><span style=\"color:#000071;\">combattre le terrorisme en Am\u00e9rique<\/span><strong>.<\/strong><\/span><span style=\"font-family:Arial, Geneva, sans-serif;\"><strong>\u00a0 \u00a0 \u00a0 \u00a0 \u00a0 \u00a0 \u00a0 \u00a0 \u00a0 \u00a0<\/strong><\/span><\/p>\n<p style=\"text-align:justify;\"><span style=\"font-family:Arial, Geneva, sans-serif;\">2002: Organisation de plusieurs campagnes de recrutement. C&rsquo;est la nouvelle devise de l&rsquo;AIMTA.<\/span><\/p>\n<p style=\"text-align:justify;\"><span style=\"font-family:Arial, Geneva, sans-serif;\">Commission &laquo; Blue Ribbon &raquo; les membres se prononcent sur l&rsquo;AIM.<\/span><\/p>\n<p style=\"text-align:justify;\"><span style=\"font-family:Arial, Geneva, sans-serif;\">2003: Cr\u00e9ation du d\u00e9partement d&rsquo;aide \u00e0 l&#8217;embauche pour compenser au durs moment de la r\u00e9cession qui <\/span><span style=\"font-family:Arial, Geneva, sans-serif;\">s&rsquo;amorce.<\/span><\/p>\n<p style=\"text-align:justify;\" align=\"center\"><span style=\"color:#000080;\"><strong><span style=\"font-family:Arial, Geneva, sans-serif;\">Les dirigeants de l&rsquo;AIM se rencontrent \u00e0 Cincinnati, Ohio. \u00a0 \u00a0 \u00a0 \u00a0 \u00a0 \u00a0 \u00a0 \u00a0 \u00a0 \u00a0 \u00a0 \u00a0 \u00a0 \u00a0 \u00a0 \u00a0 \u00a0 \u00a0 \u00a0 <\/span><\/strong><\/span><\/p>\n<p style=\"text-align:justify;\" align=\"center\"><span style=\"color:#000080;\"><strong><span style=\"font-family:Arial, Geneva, sans-serif;\">Le sujet &laquo; fini le statut quo &raquo; \u00e7a doit <\/span><span style=\"font-family:Arial, Geneva, sans-serif;\">changer!<\/span><\/strong><\/span><\/p>\n<p style=\"text-align:justify;\" align=\"center\"><span style=\"color:#000080;\"><strong><span style=\"font-family:Arial, Geneva, sans-serif;\"> Le 36e congr\u00e8s 2004 \u00e0 Cincinnati<\/span>&#8230;<\/strong><\/span><\/p>\n<p style=\"text-align:justify;\" align=\"center\"><span style=\"color:#00008e;font-family:Arial;font-size:large;\">Le 37e congr\u00e8s \u00e0 Orlando, Floride sous le th\u00e8me, &laquo; The Four Freedoms &raquo;.<\/span><\/p>\n<p style=\"text-align:justify;\" align=\"left\"><span style=\"font-family:Arial;\"><span style=\"color:#0000ff;font-size:medium;\"><span style=\"color:#000000;font-family:Tahoma;\">\u00a0\u00a0\u00a0\u00a0\u00a0\u00a0\u00a0\u00a0\u00a0\u00a0\u00a0\u00a0\u00a0\u00a0\u00a0\u00a0\u00a0\u00a0\u00a0\u00a0\u00a0\u00a0\u00a0\u00a0 <\/span><strong>\u00a0\u00a0\u00a0\u00a0\u00a0\u00a0\u00a0\u00a0\u00a0\u00a0\u00a0\u00a0\u00a0\u00a0\u00a0\u00a0\u00a0\u00a0\u00a0\u00a0\u00a0\u00a0\u00a0\u00a0\u00a0\u00a0\u00a0\u00a0\u00a0\u00a0 <img loading=\"lazy\" class=\"alignnone\" src=\"http:\/\/mrwoodkis.phoenix.wikispaces.net\/file\/view\/1c669e96bf1405e983583d30166438607d1ae6fe-600.jpg\/144902181\/1c669e96bf1405e983583d30166438607d1ae6fe-600.jpg\" alt=\"\" width=\"435\" height=\"633\" \/><\/strong><\/span><\/span><\/p>\n<p style=\"text-align:justify;\" align=\"left\"><span style=\"font-family:Arial;\"><strong><span style=\"color:#0000ff;font-size:medium;\">&laquo; Les Quatre Libert\u00e9s &raquo; \u00a0<\/span><\/strong><span style=\"color:#000071;\"> Libert\u00e9 d&rsquo;expression &#8212; Libert\u00e9 de pratique religieuse&#8212;<\/span><span style=\"color:#000071;\">Libert\u00e9 du besoin &#8212; Libert\u00e9 de la peur\u00a0<\/span><\/span><\/p>\n<p style=\"text-align:justify;\" align=\"left\"><span style=\"color:#000071;\"><span style=\"font-family:Arial, Geneva, sans-serif;\">Les membres ratifient le projet de modification de la &laquo; taxe per capita &raquo; de la Grande Loge afin de<\/span><\/span><span style=\"color:#00008e;\"><span style=\"color:#000071;\"><span style=\"font-family:Arial, Geneva, sans-serif;\">\u00a0r\u00e9organiser la<\/span><span style=\"font-family:Arial, Geneva, sans-serif;\"> structure<\/span><\/span><span style=\"font-family:Arial, Geneva, sans-serif;\"><span style=\"color:#000071;\"> financi\u00e8re et s\u00e9curiser l&rsquo;avenir de l&rsquo;organisation.<\/span><\/span><\/span><\/p>\n<p style=\"text-align:justify;\" align=\"left\"><span style=\"font-family:Arial, Geneva, sans-serif;\">Un temps de r\u00e9cession \u00e9conomique s&rsquo;installe les pertes d&#8217;emplois se multiplient, le nombre des membres\u00a0<\/span><span style=\"font-family:Arial, Geneva, sans-serif;\">\u00a0est en <\/span><span style=\"font-family:Arial, Geneva, sans-serif;\">chute libre chez les Machinistes comme ailleurs. Cependant nous sommes des combatants <\/span><\/p>\n<p style=\"text-align:center;\" align=\"left\"><span style=\"color:#000080;\"><strong><span style=\"font-family:Arial;font-size:xx-small;\"><span style=\"font-size:medium;\">N<\/span><\/span><span style=\"font-family:Arial;font-size:xx-small;\"><span style=\"font-size:medium;\">ous sortirons de ce temps grandit et encore plus solidaires.<\/span><\/span><\/strong><\/span><\/p>\n<p style=\"text-align:justify;\"><span style=\"font-family:Arial, Geneva, sans-serif;\">Le 37e congr\u00e8s se tiendra \u00e0 Toronto au Canada du 9 au 14 septembre 2012.<\/span><\/p>\n<p style=\"text-align:justify;\"><span style=\"font-family:Arial, Geneva, sans-serif;\">Le pr\u00e9sident Buffenbarger <span style=\"font-family:Arial, Geneva, sans-serif;\">salut les syndiqu\u00e9s de cette spectaculaire ville ou <\/span><\/span><span style=\"font-family:Arial, Geneva, sans-serif;\"><span style=\"font-family:Arial, Geneva, sans-serif;\">travaillent plus <\/span><span style=\"font-family:Arial, Geneva, sans-serif;\">5000 Machinistes dans les a\u00e9roports chez <\/span><span style=\"font-family:Arial, Geneva, sans-serif;\">Bombardier<\/span><span style=\"font-family:Arial, Geneva, sans-serif;\"> et dans beaucoup d&rsquo;autres <\/span><span style=\"font-family:Arial, Geneva, sans-serif;\">entreprises. <\/span><\/span><span style=\"font-family:Arial, Geneva, sans-serif;\"><span style=\"font-family:Arial, Geneva, sans-serif;\">Son souhait et je cite  &raquo; que les Machinistes est un Leadership <\/span><span style=\"font-family:Arial, Geneva, sans-serif;\">beaucoup plus<span style=\"font-family:Arial, Geneva, sans-serif;\"> agressifs &raquo;.<\/span><\/span><\/span><\/p>\n<p style=\"text-align:justify;\"><span style=\"font-family:Arial, Geneva, sans-serif;\"><span style=\"color:#000055;font-family:Arial, Geneva, sans-serif;\">Et l&rsquo;histoire continue de s&rsquo;\u00e9crire pour, nous le souhaitons le plus grand bien de l&rsquo;AIM, notre syndicat, les <\/span><\/span><span style=\"font-family:Arial, Geneva, sans-serif;\"><span style=\"color:#000055;\"><span style=\"font-family:Arial, Geneva, sans-serif;\">travailleurs<\/span><span style=\"font-family:Arial, Geneva, sans-serif;\"> et<\/span><span style=\"font-family:Arial, Geneva, sans-serif;\"> travailleuses que nous repr\u00e9sentons et finalement pour toute la soci\u00e9t\u00e9.<\/span><\/span><\/span><span style=\"font-family:Arial, Geneva, sans-serif;\">\u00a0 \u00a0 \u00a0 \u00a0 \u00a0 \u00a0 \u00a0 \u00a0 \u00a0 \u00a0 \u00a0 \u00a0 \u00a0 \u00a0 \u00a0 \u00a0 \u00a0 \u00a0 \u00a0<\/span><\/p>\n<p style=\"text-align:center;\" align=\"center\"><span style=\"font-family:Arial, Geneva, sans-serif;\"><span style=\"font-family:Arial, Geneva, sans-serif;\">\u00a0\u00a0 <\/span><span style=\"font-family:Arial, Geneva, sans-serif;\">\u00a0\u00a0\u00a0 <span style=\"font-size:large;\"><strong><span style=\"color:#000071;\"><span style=\"font-family:Arial;\">L&rsquo;avenir est entre nos mains, \u00e0 nous d&rsquo;agir!<\/span> <\/span><\/strong><\/span>\u00a0\u00a0\u00a0 <\/span><\/span><\/p>\n<p style=\"text-align:center;\" align=\"center\"><span style=\"font-family:Arial, Geneva, sans-serif;\"><span style=\"font-family:Arial, Geneva, sans-serif;\">\u00a0\u00a0\u00a0\u00a0\u00a0\u00a0\u00a0\u00a0\u00a0\u00a0 <\/span><span style=\"font-family:Arial, Geneva, sans-serif;\">\u00a0 <\/span>\u00a0<\/span><span style=\"color:#000055;font-family:Arial, Geneva, sans-serif;\">\u00a0 <\/span><strong style=\"color:#000055;font-family:Arial, Geneva, sans-serif;\"><span style=\"color:#000071;\">Soyons cr\u00e9atifs.<\/span><\/strong><span style=\"color:#000055;font-family:Arial, Geneva, sans-serif;\">\u00a0 \u00a0 \u00a0 \u00a0 \u00a0 \u00a0 \u00a0 \u00a0 \u00a0 \u00a0 \u00a0 \u00a0 \u00a0 \u00a0 \u00a0 \u00a0 \u00a0 \u00a0 \u00a0 \u00a0 \u00a0 \u00a0<\/span><\/p>\n<p style=\"text-align:center;\" align=\"center\"><span style=\"font-family:Arial, Geneva, sans-serif;\"><span style=\"color:#000055;\">\u00a0 \u00a0 \u00a0 \u00a0 \u00a0 \u00a0 \u00a0 \u00a0<\/span><\/span><span style=\"font-family:Arial, Geneva, sans-serif;\"><span style=\"color:#000055;\">\u00a0\u00c0 la m\u00e9moire d&rsquo;un grand syndicaliste<\/span><\/span><\/p>\n<p style=\"text-align:center;\" align=\"center\"><span style=\"font-family:Arial, Geneva, sans-serif;\"><span style=\"color:#000055;\">\u00a0 \u00a0 \u00a0 \u00a0 \u00a0 \u00a0 &laquo; Ti-Louis &raquo;<\/span><\/span><\/p>\n<p style=\"text-align:center;\" align=\"center\"><span style=\"font-family:Arial, Geneva, sans-serif;\"><span style=\"color:#000055;\">\u00a0 \u00a0 \u00a0 \u00a0 \u00a0 \u00a0Louis Laberge <\/span><\/span><\/p>\n<p style=\"text-align:center;\" align=\"center\"><span style=\"font-family:Arial, Geneva, sans-serif;\"><span style=\"color:#000055;\">\u00a0\u00a0\u00a0\u00a0\u00a0\u00a0\u00a0\u00a0\u00a0\u00a0\u00a0\u00a0\u00a0\u00a0\u00a0\u00a0\u00a0\u00a0\u00a0\u00a0\u00a0\u00a0\u00a0\u00a0\u00a0\u00a0\u00a0\u00a0\u00a0\u00a0\u00a0\u00a0\u00a0\u00a0\u00a0\u00a0\u00a0\u00a0\u00a0\u00a0\u00a0\u00a0\u00a0\u00a0\u00a0\u00a0\u00a0\u00a0 \u00a0\u00a0\u00a0\u00a0\u00a0\u00a0\u00a0\u00a0\u00a0\u00a0\u00a0\u00a0\u00a0\u00a0\u00a0\u00a0\u00a0\u00a0\u00a0\u00a0\u00a0\u00a0\u00a0\u00a0\u00a0\u00a0\u00a0\u00a0\u00a0\u00a0\u00a0\u00a0\u00a0\u00a0\u00a0\u00a0\u00a0\u00a0\u00a0\u00a0\u00a0\u00a0\u00a0\u00a0\u00a0\u00a0\u00a0\u00a0\u00a0 <\/span><\/span><\/p>\n<p style=\"text-align:center;\" align=\"center\"><span style=\"font-family:Arial, Geneva, sans-serif;\"><span style=\"color:#000055;\">\u00a0\u00a0\u00a0 <span style=\"color:#404040;\"> En hommage et souvenir du confr\u00e8re Machiniste Louis Laberge, pionnier du monde syndical qu\u00e9b\u00e9cois.<\/span><\/span><\/span><\/p>\n<p style=\"text-align:justify;\" align=\"center\"><span style=\"font-family:Arial, Geneva, sans-serif;\"><span style=\"color:#000055;\"><span style=\"color:#404040;\">\u00a0 <span style=\"color:#404040;\">Il nous a l\u00e9gu\u00e9 un h\u00e9ritage de convictions profondes et f\u00fbt un ardent d\u00e9fenseur des valeurs de respect<\/span><\/span><\/span><\/span><\/p>\n<p style=\"text-align:justify;\" align=\"center\"><span style=\"font-family:Arial, Geneva, sans-serif;\"><span style=\"color:#000055;\"><span style=\"color:#404040;\">\u00a0 pour les travailleurs et travailleuses. Il participe au bien-\u00eatre de la soci\u00e9t\u00e9 d&rsquo;ici et se donne totalement \u00e0 <\/span><\/span><\/span><\/p>\n<p style=\"text-align:justify;\" align=\"center\"><span style=\"font-family:Arial, Geneva, sans-serif;\"><span style=\"color:#000055;\"><span style=\"color:#404040;\"> <span style=\"color:#404040;\">la cause des droits humains. Il cr\u00e9e le &laquo; Fonds de Solidarit\u00e9 FTQ &raquo;, pour permettre aux salari\u00e9s de jouir<\/span><\/span><\/span><\/span><\/p>\n<p style=\"text-align:justify;\" align=\"center\"><span style=\"font-family:Arial, Geneva, sans-serif;\"><span style=\"color:#000055;\"><span style=\"color:#404040;\">\u00a0\u00a0\u00a0 d&rsquo;un revenu d\u00e9cent au moment de la retraite. Ce fonds sert\u00a0 \u00e0 cr\u00e9er et maintenir des emplois au Qu\u00e9bec<\/span><\/span><\/span><\/p>\n<p style=\"text-align:justify;\" align=\"center\"><span style=\"font-family:Arial, Geneva, sans-serif;\"><span style=\"color:#000055;\"><span style=\"color:#404040;\"><span style=\"color:#404040;\">et <\/span><span style=\"color:#404040;\">assure un meilleur avenir pour les g\u00e9n\u00e9rations \u00e0 venir<\/span>. <span style=\"color:#404040;\">&laquo; Merci Ti-Louis &raquo; et que ta mission continue.<\/span><\/span><\/span><\/span><\/p>\n<p style=\"text-align:justify;\" align=\"center\"><span style=\"font-family:Arial, Geneva, sans-serif;\"><span style=\"color:#000055;\">\u00a0 <\/span><\/span><\/p>\n<p style=\"text-align:justify;\" align=\"center\"><span style=\"font-family:Arial, Geneva, sans-serif;\"><span style=\"color:#000055;\">\u00a0 <\/span><\/span><\/p>\n<p style=\"text-align:justify;\" align=\"center\"><span style=\"font-family:Arial, Geneva, sans-serif;\"><span style=\"color:#000055;\">\u00a0 \u00a0 <span style=\"color:#000000;font-size:small;\">\u00a0 <\/span><\/span><\/span><\/p>\n<p style=\"text-align:justify;\" align=\"center\"><span style=\"font-family:Arial, Geneva, sans-serif;\"><span style=\"color:#000055;\"><span style=\"color:#000000;font-size:small;\">Thomas &laquo; Tom &raquo; Buffenbarger<\/span><\/span><\/span><\/p>\n<p style=\"text-align:justify;\" align=\"center\"><span style=\"font-family:Arial, Geneva, sans-serif;\"><span style=\"color:#000055;\">\u00a0\u00a0 \u00a0\u00a0\u00a0\u00a0\u00a0\u00a0\u00a0\u00a0\u00a0\u00a0\u00a0\u00a0\u00a0\u00a0\u00a0\u00a0\u00a0\u00a0\u00a0\u00a0\u00a0\u00a0\u00a0\u00a0\u00a0\u00a0\u00a0\u00a0\u00a0\u00a0\u00a0\u00a0\u00a0\u00a0\u00a0\u00a0\u00a0\u00a0\u00a0\u00a0\u00a0\u00a0\u00a0\u00a0\u00a0\u00a0\u00a0\u00a0\u00a0\u00a0\u00a0\u00a0\u00a0\u00a0\u00a0\u00a0\u00a0\u00a0\u00a0\u00a0\u00a0\u00a0\u00a0\u00a0\u00a0\u00a0 <\/span><\/span><\/p>\n<p style=\"text-align:justify;\" align=\"left\"><span style=\"font-family:Arial, Geneva, sans-serif;\"><span style=\"color:#000055;\">\u00a0\u00a0\u00a0\u00a0\u00a0\u00a0\u00a0\u00a0\u00a0\u00a0\u00a0\u00a0\u00a0\u00a0\u00a0\u00a0\u00a0\u00a0\u00a0\u00a0\u00a0\u00a0\u00a0\u00a0\u00a0\u00a0\u00a0\u00a0\u00a0\u00a0\u00a0\u00a0\u00a0\u00a0\u00a0\u00a0\u00a0\u00a0\u00a0\u00a0\u00a0\u00a0\u00a0\u00a0\u00a0\u00a0\u00a0\u00a0\u00a0\u00a0\u00a0\u00a0\u00a0\u00a0 <span style=\"color:#000000;font-size:small;\">Gilles Brosseau,<\/span><span style=\"color:#000000;font-size:small;\"> coordonateur Qu\u00e9b\u00e9cois\u00a0\u00a0\u00a0\u00a0\u00a0\u00a0\u00a0\u00a0\u00a0\u00a0\u00a0\u00a0\u00a0\u00a0\u00a0\u00a0\u00a0\u00a0\u00a0\u00a0\u00a0\u00a0\u00a0\u00a0\u00a0\u00a0\u00a0\u00a0\u00a0\u00a0\u00a0\u00a0\u00a0\u00a0\u00a0\u00a0\u00a0\u00a0\u00a0\u00a0\u00a0\u00a0\u00a0\u00a0\u00a0\u00a0\u00a0\u00a0 Dave Ritchie, vice pr\u00e9sident canadien<\/span><\/span><\/span><\/p>\n<p style=\"text-align:justify;\" align=\"left\"><span style=\"font-family:Arial, Geneva, sans-serif;\"><span style=\"color:#000055;\">\u00a0\u00a0\u00a0\u00a0\u00a0\u00a0\u00a0\u00a0\u00a0\u00a0\u00a0\u00a0\u00a0\u00a0\u00a0\u00a0\u00a0\u00a0\u00a0\u00a0\u00a0\u00a0\u00a0\u00a0\u00a0\u00a0\u00a0\u00a0\u00a0\u00a0\u00a0\u00a0\u00a0\u00a0\u00a0\u00a0\u00a0\u00a0\u00a0\u00a0\u00a0\u00a0\u00a0\u00a0\u00a0\u00a0\u00a0\u00a0\u00a0\u00a0\u00a0\u00a0\u00a0\u00a0\u00a0\u00a0\u00a0\u00a0\u00a0\u00a0\u00a0\u00a0\u00a0\u00a0\u00a0\u00a0\u00a0\u00a0\u00a0\u00a0\u00a0\u00a0\u00a0\u00a0\u00a0\u00a0\u00a0\u00a0\u00a0\u00a0\u00a0\u00a0\u00a0\u00a0\u00a0\u00a0\u00a0\u00a0\u00a0\u00a0\u00a0\u00a0\u00a0\u00a0\u00a0\u00a0\u00a0\u00a0\u00a0\u00a0\u00a0\u00a0\u00a0\u00a0\u00a0\u00a0\u00a0\u00a0\u00a0\u00a0\u00a0\u00a0\u00a0\u00a0\u00a0\u00a0\u00a0\u00a0\u00a0\u00a0\u00a0\u00a0\u00a0\u00a0\u00a0 <\/span><\/span><\/p>\n<p style=\"text-align:justify;\" align=\"center\"><span style=\"color:#000000;font-size:small;\">Mario Clermont, <\/span><\/p>\n<p style=\"text-align:justify;\" align=\"center\"><span style=\"color:#000000;font-size:small;\">repr\u00e9sentant de la Grande Loge, Estrie<\/span><\/p>\n<p style=\"text-align:justify;\" align=\"center\">\u00a0 <a href=\"http:\/\/aimta922.ca\/Historique.aspx\">Haut de page<\/a><\/p>\n<p style=\"text-align:justify;\" align=\"center\"><span style=\"color:#930e00;font-size:medium;\">Sources : AIM, Bureau International, Louis Erlichman ,Bureau canadien, David Varnes SL 2324<\/span><span style=\"font-size:medium;\">\u00a0 <\/span><\/p>\n<p style=\"text-align:justify;\" align=\"center\"><span style=\"font-size:medium;\"> <span style=\"color:#930e00;font-family:Arial, Geneva, sans-serif;\">Tous droits r\u00e9serv\u00e9s 1996, Association Internationale des Machinistes et des Travailleurs et<\/span><\/span><span style=\"font-size:medium;\"><span style=\"color:#930e00;font-family:Arial, Geneva, sans-serif;\"> Travailleuses de <\/span><span style=\"color:#930e00;font-family:Arial, Geneva, sans-serif;\">l\u2019A\u00e9rospatiale.<\/span><\/span><\/p>\n<p style=\"text-align:justify;\"><span style=\"font-family:Arial, Geneva, sans-serif;\"><span style=\"color:#930e00;font-size:medium;\">\u00a0\u00a0\u00a0\u00a0 \u00a0\u00a0\u00a0\u00a0 Modifications 2009 par Denis Boudreau, communicateur AIMTA 922 <\/span><\/span><\/p>\n","protected":false},"excerpt":{"rendered":"<p>La petite histoire d&rsquo;un grand syndicat&#8230; D&rsquo;hier \u00e0 aujourd&rsquo;hui, le Syndicat des Machinistes marque l&rsquo;histoire des travailleurs et travailleuses et participe \u00e0 l&rsquo;acquisition d&rsquo;importantes valeurs sociales d\u00e9mocrates pour l&rsquo;ensemble de la soci\u00e9t\u00e9. L&rsquo; AIMTA se d\u00e9marque par sa constitution et ses statuts ancr\u00e9s sur des valeurs profondes de justice \u00e9quit\u00e9 et solidarit\u00e9. Les membres des &hellip; <\/p>\n<p><a class=\"more-link btn\" href=\"http:\/\/aimta922.ca\/?page_id=41\">Continue reading<\/a><\/p>\n","protected":false},"author":2,"featured_media":0,"parent":0,"menu_order":0,"comment_status":"closed","ping_status":"closed","template":"","meta":[],"_links":{"self":[{"href":"http:\/\/aimta922.ca\/index.php?rest_route=\/wp\/v2\/pages\/41"}],"collection":[{"href":"http:\/\/aimta922.ca\/index.php?rest_route=\/wp\/v2\/pages"}],"about":[{"href":"http:\/\/aimta922.ca\/index.php?rest_route=\/wp\/v2\/types\/page"}],"author":[{"embeddable":true,"href":"http:\/\/aimta922.ca\/index.php?rest_route=\/wp\/v2\/users\/2"}],"replies":[{"embeddable":true,"href":"http:\/\/aimta922.ca\/index.php?rest_route=%2Fwp%2Fv2%2Fcomments&post=41"}],"version-history":[{"count":1,"href":"http:\/\/aimta922.ca\/index.php?rest_route=\/wp\/v2\/pages\/41\/revisions"}],"predecessor-version":[{"id":2878,"href":"http:\/\/aimta922.ca\/index.php?rest_route=\/wp\/v2\/pages\/41\/revisions\/2878"}],"wp:attachment":[{"href":"http:\/\/aimta922.ca\/index.php?rest_route=%2Fwp%2Fv2%2Fmedia&parent=41"}],"curies":[{"name":"wp","href":"https:\/\/api.w.org\/{rel}","templated":true}]}}